{"id":896,"date":"2024-03-21T09:45:55","date_gmt":"2024-03-21T09:45:55","guid":{"rendered":"https:\/\/rijar.com\/site-map-2\/"},"modified":"2024-03-21T10:04:33","modified_gmt":"2024-03-21T10:04:33","slug":"politica-de-privacidad","status":"publish","type":"page","link":"https:\/\/rijar.com\/?page_id=896","title":{"rendered":"Pol\u00edtica de Privacidad"},"content":{"rendered":"\t\t<div data-elementor-type=\"wp-page\" data-elementor-id=\"896\" class=\"elementor elementor-896\" data-elementor-post-type=\"page\">\n\t\t\t\t<div class=\"elementor-element elementor-element-1d8ebf3 e-con-full e-flex e-con e-parent\" data-id=\"1d8ebf3\" data-element_type=\"container\" data-e-type=\"container\" data-settings=\"{&quot;background_background&quot;:&quot;classic&quot;}\">\n\t\t\t\t<div class=\"elementor-element elementor-element-8c3885c elementor-invisible elementor-widget elementor-widget-heading\" data-id=\"8c3885c\" data-element_type=\"widget\" data-e-type=\"widget\" data-settings=\"{&quot;_animation&quot;:&quot;fadeInLeft&quot;}\" data-widget_type=\"heading.default\">\n\t\t\t\t<div class=\"elementor-widget-container\">\n\t\t\t\t\t<h1 class=\"elementor-heading-title elementor-size-default\">Pol\u00edtica de Privacidad<\/h1>\t\t\t\t<\/div>\n\t\t\t\t<\/div>\n\t\t\t\t<\/div>\n\t\t<div class=\"elementor-element elementor-element-2f3e07b e-con-full e-flex elementor-invisible e-con e-parent\" data-id=\"2f3e07b\" data-element_type=\"container\" data-e-type=\"container\" data-settings=\"{&quot;animation&quot;:&quot;fadeInUp&quot;}\">\n\t\t\t\t<div class=\"elementor-element elementor-element-bb6568e elementor-widget elementor-widget-text-editor\" data-id=\"bb6568e\" data-element_type=\"widget\" data-e-type=\"widget\" data-widget_type=\"text-editor.default\">\n\t\t\t\t<div class=\"elementor-widget-container\">\n\t\t\t\t\t\t\t\t\t<p><strong>1 \u2013 RESPONSABLE<\/strong><\/p><ul><li>Titular: RIJAR, CONSTRUCCI\u00d3N Y JARDINER\u00cdA, S.L (en adelante, <strong>LA EMPRESA<\/strong>)<\/li><li>NIF: B-98295025<\/li><li>Domicilio social: Calle San Vicente 90 bajo. 46960 Aldaya-Valencia<\/li><\/ul><p>\u00a0<\/p><p><strong>2 \u2013 INFORMACI\u00d3N Y CONSENTIMIENTO<\/strong><\/p><p>Mediante la aceptaci\u00f3n de la presente Pol\u00edtica de Privacidad, el Usuario queda informado y presta su consentimiento libre, informado, espec\u00edfico e inequ\u00edvoco para que sus datos personales sean tratados por\u00a0<strong>LA EMPRESA.<\/strong><\/p><p><strong>3 \u2013 \u00bfCON QU\u00c9 FINALIDAD TRATAR\u00c1 LA EMPRESA LOS DATOS PERSONALES DEL USUARIO?<\/strong><\/p><p>Los datos personales facilitados del Usuario ser\u00e1n tratados por\u00a0<strong>LA EMPRESA<\/strong>\u00a0conforme a las siguientes finalidades:<\/p><ul><li>Llevar a cabo la prestaci\u00f3n de los servicios contratados, el mantenimiento de la relaci\u00f3n contractual y el seguimiento de la misma, as\u00ed como la realizaci\u00f3n de encuestas de satisfacci\u00f3n.<\/li><li>Gestionar, tramitar y dar respuesta a peticiones, solicitudes, incidencias, quejas, reclamaciones o consultas del Usuario.<\/li><li>Gestionar el env\u00edo de comunicaciones comerciales sobre productos y servicios comercializados por\u00a0<strong>LA EMPRESA<\/strong>\u00a0por medios electr\u00f3nicos y\/o convencionales as\u00ed como a sus empresas participadas.<br \/><br \/><\/li><\/ul><p><strong><u>3.1\u00a0<\/u><\/strong><strong><u>Potenciales clientes:<\/u><\/strong>\u00a0Gestionar la potencial relaci\u00f3n comercial y\/o profesional, gestionar el env\u00edo de informaci\u00f3n solicitada y\/o resolver las consultas planteadas en los diferentes formularios o datos de contacto. Principalmente, la categor\u00eda de datos que vamos a tratar son: datos de contacto y datos de la consulta.<\/p><p><strong><u>3.2 Clientes:<\/u><\/strong>\u00a0Gestionar la relaci\u00f3n comercial y\/o profesional que nos une:<\/p><p>Consultor\u00eda y Outsourcing de servicios y actividades de programaci\u00f3n y dise\u00f1o: Principalmente realizamos aplicaciones inform\u00e1ticas,\u00a0 p\u00e1ginas web y dise\u00f1o gr\u00e1fico.<\/p><p><strong><u>3.3 Proveedores:<\/u><\/strong>\u00a0Gestionar la relaci\u00f3n comercial y\/o profesional. Principalmente la categor\u00eda de datos que vamos a tratar son: datos identificativos, profesionales, de contacto y econ\u00f3micos.<\/p><p><strong><u>3.4 Candidatos:<\/u><\/strong>\u00a0Gestionar el proceso de selecci\u00f3n de personal. Principalmente la categor\u00eda de datos que vamos a tratar son: Identificativos, detalles de empleo, datos acad\u00e9micos, aptitudes, personalidad y cualquier otro que incluya el candidato.<\/p><p><strong><u>3.5 Env\u00edo de comunicaciones comerciales (email, fax, SMS, MMS, comunidades sociales o cualquier otro medio electr\u00f3nico o f\u00edsico, presente o futuro):<\/u><\/strong>\u00a0Dar informaci\u00f3n de inter\u00e9s acerca de nuestras actividades, nuestros servicios, newsletter, noticias relevantes y novedades respecto de la investigaci\u00f3n y desarrollo que realizamos. El env\u00edo de comunicaciones comerciales se realizar\u00e1 a aquellos que tengan una relaci\u00f3n contractual previa, salvo oposici\u00f3n en contrario, y, en caso de no existir relaci\u00f3n previa, cuando lo consientan de forma expresa.<\/p><p>En funci\u00f3n del servicio contratado\u00a0Rijar, construcci\u00f3n y jardiner\u00eda, S.L.\u00a0podr\u00e1 actuar como responsable del tratamiento de los interesados o como Encargado de Tratamiento.<\/p><p>Los datos que le solicitamos son adecuados, pertinentes y estrictamente necesarios y en ning\u00fan caso est\u00e1 obligado a facilit\u00e1rnoslos, pero su no comunicaci\u00f3n podr\u00e1 afectar a la finalidad del servicio o la imposibilidad de prestarlo.<\/p><p><strong>4 \u2013 \u00bfCUAL ES LA LEGITIMACI\u00d3N PARA EL TRATAMIENTO DE SUS DATOS?<\/strong><\/p><p>La base legal para el tratamiento de sus datos personales, dependiendo de la categor\u00eda de interesado de que se trate, puede ser:<\/p><p><strong>Potenciales Clientes:<\/strong><\/p><p>Art. 6.1.a RGPD: Consentimiento del propio interesado.<\/p><p>Art. 6.1.f RGPD: Inter\u00e9s leg\u00edtimo (enviar informaci\u00f3n solicitada, responder a las consultas planteadas\u2026).<\/p><p><strong>Clientes \/eventos:<\/strong><\/p><p>Art. 6.1.b RGPD: Ejecuci\u00f3n de un contrato o aplicaci\u00f3n de medidas precontractuales en el que el interesado es parte.<\/p><p>Art. 6.1.c RGPD: El tratamiento es necesario para el cumplimiento de una obligaci\u00f3n legal aplicable al responsable del tratamiento.<\/p><p>Art. 6.1.f RGPD: Inter\u00e9s leg\u00edtimo (enviar informaci\u00f3n solicitada, responder a las consultas planteadas\u2026).<\/p><p><strong>Proveedores:<\/strong><\/p><p>Art. 6.1.b RGPD: Ejecuci\u00f3n de un contrato en el que el interesado es parte.<\/p><p>Art. 6.1.f RGPD: Inter\u00e9s leg\u00edtimo (enviar informaci\u00f3n solicitada, responder a las consultas planteadas\u2026).<\/p><p><strong>Candidatos:<\/strong><\/p><p>Art. 6.1.a RGPD: Consentimiento del propio interesado.<\/p><p><strong>Comunicaciones comerciales:<\/strong><\/p><p>Comunicaciones comerciales por medios electr\u00f3nicos: Normativa sobre servicios de sociedad de la informaci\u00f3n:<\/p><ul><li><u>Relaci\u00f3n contractual:<\/u>\u00a0Se podr\u00e1 proceder al env\u00edo de comunicaciones comerciales relacionadas con el producto inicialmente contratados.<\/li><li><u>No Clientes (Potenciales):<\/u>\u00a0Se podr\u00e1 hacer efectivo cuando lo solicite expresamente o hayan aceptado de forma expresa.<\/li><\/ul><p>En cualquier caso podr\u00e1 oponerse al env\u00edo en cualquier comunicaci\u00f3n.<\/p><ul><li><u>Comunicaciones comerciales por medios no electr\u00f3nicos<\/u>: Siguiendo los criterios anteriormente expuestos se aplicar\u00e1 el Art. 6.1.f RGPD: Inter\u00e9s leg\u00edtimo.<\/li><\/ul><p>\u00a0<\/p><p><strong>5 \u2013 \u00bfDURANTE CU\u00c1NTO TIEMPO TRATAR\u00c1 LA EMPRESA LOS DATOS PERSONALES DEL USUARIO?<\/strong><\/p><p>Los datos del Usuario relacionados con el cumplimiento de la relaci\u00f3n contractual ser\u00e1n conservados con ese fin durante todo el tiempo en que el contrato est\u00e9 vigente y, a\u00fan despu\u00e9s, durante todo el tiempo exigido por la legislaci\u00f3n aplicable y hasta que prescriban las eventuales responsabilidades derivadas del contrato. En lo relativo al env\u00edo de comunicaciones comerciales,\u00a0<strong>LA EMPRESA<\/strong>\u00a0tratar\u00e1 los datos del Usuario, hasta que \u00e9ste se oponga.<\/p><p><strong>6 \u2013 \u00bfQU\u00c9 DATOS DEL USUARIO TRATAR\u00c1 LA EMPRESA?<\/strong><\/p><p>La empresa tratar\u00e1 las siguientes categor\u00edas de datos del Usuario:<\/p><p><strong>APARTADO DE CONTACTO MAIL:<\/strong><\/p><ul><li>Nombre<\/li><li>Email<br \/><br \/><\/li><\/ul><p><strong>NEWSLETTER:<\/strong><\/p><ul><li>Email<br \/><br \/><\/li><\/ul><p><strong>POTENCIALES CLIENTES:<\/strong><\/p><ul><li>Nombre y Apellidos<\/li><li>DNI<\/li><li>Tel\u00e9fono y Direcci\u00f3n Postal y Electr\u00f3nica.<br \/><br \/><\/li><\/ul><p><strong>CLIENTES:<\/strong><\/p><ul><li>Nombre y Apellidos<\/li><li>DNI<\/li><li>Tel\u00e9fono y Direcci\u00f3n Postal y Electr\u00f3nica.<\/li><li>N\u00ba Cuenta Bancaria<\/li><li>Firma Manual o Digital<br \/><br \/><\/li><\/ul><p><strong>PROVEEDORES:<\/strong><\/p><ul><li>Nombre y Apellidos<\/li><li>DNI<\/li><li>Tel\u00e9fono y Direcci\u00f3n Postal y Electr\u00f3nica.<\/li><li>N\u00ba Cuenta Bancaria<\/li><li>Firma Manual o Digital<br \/><br \/><\/li><\/ul><p><strong>CANDIDATOS:<\/strong><\/p><ul><li>Nombre y Apellidos<\/li><li>DNI<\/li><li>Tel\u00e9fono y Direcci\u00f3n Postal y Electr\u00f3nica.<\/li><li>Firma Manual o Digital<\/li><li>Imagen \u2013 Voz<\/li><li>Nivel Estudios<\/li><\/ul><p>\u00a0<\/p><p>En caso de que el Usuario facilite datos de terceros, manifiesta contar con el consentimiento de los mismos y se compromete a trasladarle la informaci\u00f3n contenida en la Pol\u00edtica de Privacidad, eximiendo a\u00a0<strong>LA EMPRESA<\/strong>\u00a0de cualquier responsabilidad en este sentido. No obstante,\u00a0<strong>LA EMPRESA<\/strong>\u00a0podr\u00e1 llevar a cabo las verificaciones peri\u00f3dicas para constatar este hecho, adoptando las medidas de diligencia debida que correspondan, conforme a la normativa de protecci\u00f3n de datos.<\/p><p><strong>8 \u2013 \u00bfA QU\u00c9 DESTINATARIOS SE COMUNICAR\u00c1N LOS DATOS DEL USUARIO?<\/strong><\/p><p>Los datos del Usuario podr\u00e1n ser comunicados, \u00fanicamente, a las Administraciones P\u00fablicas o entidades bancarias en los casos previstos por la Ley as\u00ed como a las empresas participadas por <strong>LA EMPRESA<\/strong><\/p><p><strong>9 \u2013 COMUNICACIONES COMERCIALES Y PROMOCIONALES<\/strong><\/p><p>Una de las finalidades para las que\u00a0<strong>LA EMPRESA<\/strong>\u00a0trata los datos personales proporcionados por parte de los Usuarios es para remitirles comunicaciones comerciales por medios electr\u00f3nicos y convencionales, con informaci\u00f3n relativa a productos, servicios, promociones, ofertas, eventos o noticias relevantes para los Usuarios. Siempre que se realice alguna comunicaci\u00f3n de este tipo, \u00e9sta ser\u00e1 dirigida \u00fanica y exclusivamente a aquellos Usuarios que no hubieran manifestado previamente su negativa a la recepci\u00f3n de las mismas.<\/p><p>En caso de que el Usuario desee dejar de recibir comunicaciones comerciales o promocionales por parte de\u00a0<strong>LA EMPRESA<\/strong> puede solicitar la baja del servicio enviando un email a la siguiente direcci\u00f3n de correo electr\u00f3nico: rijar@rijar.com o mediante el link que figure en el footer de los correos electr\u00f3nicos promocionales.<\/p><p><strong>10 \u2013 EJERCICIO DE DERECHOS<\/strong><\/p><p>El Usuario puede enviar un escrito a RIJAR, CONSTRUCCI\u00d3N Y JARDINER\u00cdA, SL\u00a0 \u00a0Departamento de Atenci\u00f3n al Cliente \u2013 Protecci\u00f3n de datos,\u00a0Calle San Vicente 90 bajo\u00a046960 Aldaya-Valencia\u00a0\u00a0 \u00a0o mediante un correo electr\u00f3nico a rijar@rijar.com con la Referencia \u00abProtecci\u00f3n de Datos\u00bb, adjuntando fotocopia de su documento de identidad, en cualquier momento y de manera gratuita, para:<\/p><ul><li>Revocar los consentimientos otorgados.<\/li><li>Obtener confirmaci\u00f3n acerca de si en LA EMPRESA se est\u00e1n tratando datos personales que conciernen al Usuario o no.<\/li><li>Acceder a sus datos personales.<\/li><li>Rectificar los datos inexactos o incompletos.<\/li><li>Solicitar la supresi\u00f3n de sus datos cuando, entre otros motivos, los datos ya no sean necesarios para los fines que fueron recogidos.<\/li><li>Obtener de\u00a0<strong>LA EMPRESA<\/strong>\u00a0la limitaci\u00f3n del tratamiento de los datos cuando se cumpla alguna de las condiciones previstas en la normativa de protecci\u00f3n de datos.<\/li><li>Solicitar la portabilidad de sus datos.<\/li><li>Reclamar ante la Agencia Espa\u00f1ola de Protecci\u00f3n de Datos, a trav\u00e9s de la siguiente direcci\u00f3n\u00a0<a href=\"https:\/\/web.archive.org\/web\/20200807180735\/https:\/\/www.agpd.es\/\">https:\/\/www.agpd.es<\/a>, cuando el interesado considere que\u00a0<strong>LA EMPRESA<\/strong>\u00a0ha vulnerado los derechos que le son reconocidos por la normativa aplicable en protecci\u00f3n de datos.<\/li><\/ul><p>Sin perjuicio de lo anterior, el interesado podr\u00e1 ponerse en contacto con\u00a0<strong>LA EMPRESA<\/strong> cuyos datos de contacto son a trav\u00e9s de rijar@rijar.com<\/p><p><strong>11 \u2013 MEDIDAS DE SEGURIDAD<\/strong><\/p><p><strong>LA EMPRESA<\/strong>\u00a0tratar\u00e1 los datos del Usuario en todo momento de forma absolutamente confidencial y guardando el preceptivo deber de secreto respecto de los mismos, de conformidad con lo previsto en la normativa de aplicaci\u00f3n, adoptando al efecto las medidas de \u00edndole t\u00e9cnica y organizativas necesarias que garanticen la seguridad de sus datos y eviten su alteraci\u00f3n, p\u00e9rdida, tratamiento o acceso no autorizado, habida cuenta del estado de la tecnolog\u00eda, la naturaleza de los datos almacenados y los riesgos a que est\u00e1n expuestos.<\/p><p><strong>12 \u2013 CAMBIOS<\/strong><\/p><p><strong>LA EMPRESA<\/strong>\u00a0se reserva el derecho de revisar su Pol\u00edtica de Privacidad en el momento que lo considere oportuno. Por esta raz\u00f3n, le rogamos que compruebe de forma regular esta declaraci\u00f3n de privacidad para leer la versi\u00f3n m\u00e1s reciente de la Pol\u00edtica de Privacidad de\u00a0<strong>LA EMPRESA<\/strong>.<\/p>\t\t\t\t\t\t\t\t<\/div>\n\t\t\t\t<\/div>\n\t\t\t\t<\/div>\n\t\t\t\t<\/div>\n\t\t","protected":false},"excerpt":{"rendered":"<p>Pol\u00edtica de Privacidad 1 \u2013 RESPONSABLE Titular: RIJAR, CONSTRUCCI\u00d3N Y JARDINER\u00cdA, S.L (en adelante, LA EMPRESA) NIF: B-98295025 Domicilio social: Calle San Vicente 90 bajo. 46960 Aldaya-Valencia \u00a0 2 \u2013 INFORMACI\u00d3N Y CONSENTIMIENTO Mediante la aceptaci\u00f3n de la presente Pol\u00edtica de Privacidad, el Usuario queda informado y presta su consentimiento libre, informado, espec\u00edfico e inequ\u00edvoco [&hellip;]<\/p>\n","protected":false},"author":1,"featured_media":0,"parent":0,"menu_order":0,"comment_status":"closed","ping_status":"closed","template":"elementor_header_footer","meta":{"footnotes":""},"class_list":["post-896","page","type-page","status-publish","hentry"],"_links":{"self":[{"href":"https:\/\/rijar.com\/index.php?rest_route=\/wp\/v2\/pages\/896","targetHints":{"allow":["GET"]}}],"collection":[{"href":"https:\/\/rijar.com\/index.php?rest_route=\/wp\/v2\/pages"}],"about":[{"href":"https:\/\/rijar.com\/index.php?rest_route=\/wp\/v2\/types\/page"}],"author":[{"embeddable":true,"href":"https:\/\/rijar.com\/index.php?rest_route=\/wp\/v2\/users\/1"}],"replies":[{"embeddable":true,"href":"https:\/\/rijar.com\/index.php?rest_route=%2Fwp%2Fv2%2Fcomments&post=896"}],"version-history":[{"count":7,"href":"https:\/\/rijar.com\/index.php?rest_route=\/wp\/v2\/pages\/896\/revisions"}],"predecessor-version":[{"id":904,"href":"https:\/\/rijar.com\/index.php?rest_route=\/wp\/v2\/pages\/896\/revisions\/904"}],"wp:attachment":[{"href":"https:\/\/rijar.com\/index.php?rest_route=%2Fwp%2Fv2%2Fmedia&parent=896"}],"curies":[{"name":"wp","href":"https:\/\/api.w.org\/{rel}","templated":true}]}}